{"version":"1.0","type":"rich","provider_name":"Direction r\u00e9gionale de l&#8217;\u00e9conomie, de l&#8217;emploi, du travail et des solidarit\u00e9s (DREETS)","provider_url":"http:\/\/centre-val-de-loire.dreets.gouv.fr","title":"L&#8217;int\u00e9rim r\u00e9gional en 2025","author_name":"adminCentre","width":"480","height":"295","url":"https:\/\/centre-val-de-loire.dreets.gouv.fr\/L-interim-regional-en-2025","html":"\u003Ch4 class='title'\u003E\u003Ca href='https:\/\/centre-val-de-loire.dreets.gouv.fr\/L-interim-regional-en-2025'\u003EL&#8217;int\u00e9rim r\u00e9gional en 2025\u003C\/a\u003E\u003C\/h4\u003E\u003Cblockquote class='spip'\u003E\u003Cdl class='spip_document_62885 spip_documents spip_documents_left' style='float:left;'\u003E\n\t\t\u003Cdt\u003E\n\t\t\t\n\t\t\t\t\u003Cimg src='sites\/centre-val-de-loire.dreets.gouv.fr\/IMG\/jpg\/interim.jpg' width='250' height='85' alt='' \/\u003E\n\t\t\t\n\t\t\u003C\/dt\u003E\n\t\t\n\t\t\n\t\u003C\/dl\u003E\n\u003Cp\u003EEn 2025, l&#8217;emploi int\u00e9rimaire est globalement en recul dans la r\u00e9gion (- 2,9&nbsp;%), une baisse qui reste inf\u00e9rieure \u00e0 la moyenne nationale (- 4,0&nbsp;%).\u003C\/p\u003E\u003C\/blockquote\u003E\n"}